{"id":29,"date":"2018-07-25T09:57:03","date_gmt":"2018-07-25T07:57:03","guid":{"rendered":"https:\/\/comunicacity.net\/fiuggi\/?post_type=turismo&#038;p=29"},"modified":"2018-08-27T01:03:56","modified_gmt":"2018-08-26T23:03:56","slug":"la-storia","status":"publish","type":"turismo","link":"https:\/\/comunicacity.net\/fiuggi\/turismo\/la-storia\/","title":{"rendered":"La storia"},"content":{"rendered":"<p class=\"text_verdana_10px_regolare_giustificato_marginato_black\">La cittadina \u00e8 composta da due diversi centri abitati avvolti nel verde dei molti boschi di castagno tipici della zona: Fiuggi Citt\u00e0 (m747 s.l.m.) che \u00e8 il nucleo d\u2019insediamento pi\u00f9 antico, e il pi\u00f9 moderno Fiuggi Fonte (m 621 s.l.m.), inserito nella zona termale.<\/p>\n<p class=\"text_verdana_10px_regolare_giustificato_marginato_black\">Questo borgo medioevale, fino al 1911, si chiam\u00f2 Anticoli di Campagna. Circa l\u2019etimologia del nome Anticoli, vi sono due versioni: la prima che il nome deriverebbe da &#8220;Antiquae incolae&#8221; o antichi abitanti del posto; la seconda da &#8220;Ante Colles&#8221; perch\u00e9 le prime abitazioni sorsero molto probabilmente sul colle circondato da altri pi\u00f9 alti. Documentazioni probanti risalgono comunque alla prima met\u00e0 del secolo XI: nel &#8220;Breve di Papa Nicol\u00f2 II&#8221; (1059-1061) appare per la prima volta il nome di Anticoli in Campanea come castellan\u00eca della Chiesa alla diretta dipendenza della Santa Sede. (Le due regioni latine facenti parte dello Stato Pontificio erano la Campagna e la Marittima, ed Anticoli apparteneva alla regione di Campagna).<\/p>\n<p class=\"text_verdana_10px_regolare_giustificato_marginato_black\">Il suo territorio sembra fosse abitato dai popoli pelasgi perch\u00e9 nel vicino lago di Canterno, durante i recenti scavi di un pozzo artesiano, sono stati rinvenuti frammenti di legno ritenuti parte di palafitte d\u2019origine pelasgica.<\/p>\n<p class=\"text_verdana_10px_regolare_giustificato_marginato_black\">Secondo alcuni studiosi, nel V-IV sec: a.C. Anticoli venne abitata dagli Ernici, un popolo di forti montanari. Vivevano in un piccolo agglomerato chiamato &#8220;Felcia&#8221; che sorgeva su un rilievo roccioso alto circa ottocento metri, difeso da due fossati naturali dove scorrono tuttora i torrenti del Diluvio e del Diavolo o Casa Vetera, e da pareti rocciose a strapiombo. L\u2019arx era il punto pi\u00f9 alto, la parte pi\u00f9 difesa e pi\u00f9 difficile da espugnare. E\u2019 conosciuta oggi come la &#8220;Barriera&#8221; e vi si poteva accedere attraverso la &#8220;Porta dell\u2019Olmo&#8221;, distrutta ai primi del secolo. La porta maggiore che nell\u2019antica Felcia immetteva all\u2019arx, era per\u00f2 la &#8220;Portella&#8221; ancora oggi nota con questa denominazione E\u2019 l\u2019unica conservatasi, anche se \u00e8 stata ristrutturata, insieme alla torre omonima.. Una terza porta anch\u2019essa ormai distrutta, detta del &#8220;Colle&#8221; era sita nella parte bassa della cittadina in fondo al rione omonimo. L\u2019antica cittadella ernica di Felcia racchiudeva dunque nel suo perimetro in basso il quartiere del Colle e nella parte pi\u00f9 alta del paese le zone tra le Case Grandi e Castello. La conformazione urbanistica della parte pi\u00f9 antica presenta una struttura derivata da linee tra loro perpendicolari basate su cardine e sul decumano. Un insediamento cos\u00ec concepito \u00e8 probabilmente di origine romana o preromana. Gli Ernici, infatti, dopo varie alleanze e scontri con Roma furono definitivamente assoggettati all\u2019Urbe da Appio Claudio e da C. Plauzio (367 a.C.). Alcuni studiosi ritengono che nella zona sia esistito, in epoca repubblicana, un insediamento di una certa consistenza avente lo stato giuridico di colonia romana. Di questo periodo romano, iniziato nella seconda met\u00e0 del IV secolo a.C. si hanno per\u00f2 scarsissime notizie, come povera \u00e8 la storiografia dell\u2019alto medioevo nella quale s\u2019inserisce Anticoli.<\/p>\n<p class=\"text_verdana_10px_regolare_giustificato_marginato_black\">Nel 1088-1089 il papa Urbano II confermava al vescovo Pietro di Anagni il privilegio perenne su Anticoli. I cittadini di Anticoli a quei tempi avevano l\u2019obbligo di dare un tributo annuo alla Santa sede di 50 prosciutti, 20 soldi e 50 schiacciate all\u2019olio in occasione delle feste natalizie. Questa tassa fu abolita nel 1421 da papa Martino V riconoscendo precarie le condizioni degli anticolani a seguito dell&#8217;incendio del Castello avvenuto alcuni anni prima. Alla fine del XIII secolo resta ancora propriet\u00e0 della Santa Sede mentre la Valle Anticolana diventa feudo della famiglia Cajetani. Nel 1501 Alessandro VI concedeva Anticoli a sua figlia Lucrezia, poi a Cesare ed infine al nipote Giovanni Borgia fino al 1503. Il 22 febbraio 1517 passava in feudo a Pietro Morgani, capitano dei balestrieri di Giulio II il quale ottenne dal successore Leone X l\u2019enfiteusi del castello di Anticoli di Campagna. Questa enfiteusi dovette divenire difficile da conservarsi se Giovanni Morgani che l\u2019amministrava in nome del figlio, se ne disfece il 22 giugno 1517 e la trasfer\u00ec dietro il pagamento di 2.500 ducati a Prospero Colonna, conte di Fondi. Uno dei motivi dell\u2019abbandono dell\u2019enfiteusi sembra doversi ricercare nella intemperanza e dissolutezza di Pietro Morgani; l\u2019aver ucciso un bargello, prima, e le insidie tese ad una coniugata, poi, gli procurarono l\u2019avversione degli abitanti e la morte violenta. La fantasia popolare ha tessuto su questo episodio la leggenda secondo la quale questo signorotto, spadroneggiando nel paese, pretendeva gli amori delle giovani donzelle che gettava gi\u00f9 in un pozzo se non le trovava illibate; tale pozzo \u00e8 detto ancora oggi &#8220;Pozzo della vergine&#8221;. Sempre secondo la leggenda questi soprusi durarono fino al giorno in cui Maria Terrinoni, vedova anticolana, uccise con uno stratagemma il signorotto per evitare che questi contaminasse sua figlia Gioconda, promessa sposa ad Elvezio Maggi, giovane del paese.<\/p>\n<p class=\"text_verdana_10px_regolare_giustificato_marginato_black\">Dopo i Morgani, e da questi ai Colonna (1517), il paese passa nel 1556 ai Carafa, per tornare poi con Pio V, nel 1571, feudo dei Colonna con Marcantonio, quale dono per la vittoria sui Turchi a Lepanto.<\/p>\n<p class=\"text_verdana_10px_regolare_giustificato_marginato_black\">Nel secolo XVIII Anticoli divenne comune indipendente.<\/p>\n<p class=\"text_verdana_10px_regolare_giustificato_marginato_black\">L\u2019antico borgo conserva pressoch\u00e9 intatte le sue strutturazioni medioevali, con qualche torre delle mura di difesa che sboccia ancora qua e l\u00e0 tra le case. Le arterie principali che si dipartono parallelamente dalla piazza Trento e Trieste si collegano tra loro con vicoli scoscesi, stretti, fatti di archi, di scalinate ed anguste piazzette. Ai lati dei vicoli le case si innalzano l\u2019una a fianco dell\u2019altra in continua successione. Sembra che Ferdinand Gregorovius allorch\u00e9 visit\u00f2 Anticoli di Campagna cos\u00ec ebbe ad esprimersi: &#8220;\u2026Se non fosse per la mancanza d\u2019un Eva che ti offre la mela, qui diresti di trovarti nel Paradiso Terrestre&#8221;.<\/p>\n<p class=\"text_verdana_10px_regolare_giustificato_marginato_black\">Nota al toponimo di Anticoli di Campagna<\/p>\n<p>E\u2019 utile chiarire alcuni concetti sulla &#8220;Campagna&#8221; e cio\u00e8 l\u2019origine della denominazione e la sua estensione territoriale quale regione del Basso Lazio compresa nello stato Pontificio. Dal tempo dell&#8217;Impero romano per Campania era indicata tutta quella zona del Basso Lazio che iniziava dalla valle del Sacco e si estendeva fino a Gaeta e al Liri, verso Napoli. Solo dopo la conquista dei Franchi il territorio si scisse in Campania Napolitana e Campania Pontificia o Romana, corrotta poi in Campagna Romana. Anticoli, quindi, venne a far parte di quella zona detta successivamente di Campagna o pi\u00f9 esattamente Campagna e Marittima, dalla unione di due zone che avevano i loro vertici nelle citt\u00e0 di Frosinone, Velletri e Terracina. La Campagna Romana comprendeva la zona circostante Frosinone tra i monti Lepini e i monti Ernici fino a Ceprano, mentre la Marittima comprendeva tutta la fascia verso la costa tirrenica, dal basso Tevere al Circeo. L\u2019unione tra i due comprensori in unica provincia \u00e8 anteriore al mille.<\/p>\n<p class=\"text_verdana_10px_regolare_giustificato_marginato_black\">La proposta di cambiare il nome di Anticoli di Campagna in quello di Fiuggi fu formulata del consigliere comunale Pietro Martini e sostenuta da un altro consigliere: Enrico Ludovici. Nel 1911, essendo stata approvata la richiesta, fu autorizzato il cambiamento di nome. &#8220;Frugi&#8221; fin dall\u2019antichit\u00e0 stava ad indicare la localit\u00e0 ove sgorga l\u2019acqua; localit\u00e0 ricca di fiorente vegetazione di castagni nel cui sottobosco crescono rigogliose felci che nel gergo e nella nomenclatura dialettale vengono denominate &#8220;feuci&#8221; o &#8220;frugi&#8221;.<\/p>\n","protected":false},"excerpt":{"rendered":"<p>La cittadina \u00e8 composta da due diversi centri abitati avvolti nel verde dei molti boschi di castagno tipici della zona: Fiuggi Citt\u00e0 (m747 s.l.m.) che \u00e8 il nucleo d\u2019insediamento pi\u00f9 [&hellip;]<\/p>\n","protected":false},"featured_media":30,"parent":0,"menu_order":20,"template":"","meta":[],"plugin_turismo":[],"class_list":["post-29","turismo","type-turismo","status-publish","has-post-thumbnail","hentry"],"yoast_head":"<!-- This site is optimized with the Yoast SEO plugin v27.4 - https:\/\/yoast.com\/product\/yoast-seo-wordpress\/ -->\n<title>La storia - Fiuggi<\/title>\n<meta name=\"robots\" content=\"index, follow, max-snippet:-1, max-image-preview:large, max-video-preview:-1\" \/>\n<link rel=\"canonical\" href=\"https:\/\/comunicacity.net\/fiuggi\/turismo\/la-storia\/\" \/>\n<meta property=\"og:locale\" content=\"it_IT\" \/>\n<meta property=\"og:type\" content=\"article\" \/>\n<meta property=\"og:title\" content=\"La storia - Fiuggi\" \/>\n<meta property=\"og:description\" content=\"La cittadina \u00e8 composta da due diversi centri abitati avvolti nel verde dei molti boschi di castagno tipici della zona: Fiuggi Citt\u00e0 (m747 s.l.m.) che \u00e8 il nucleo d\u2019insediamento pi\u00f9 [&hellip;]\" \/>\n<meta property=\"og:url\" content=\"https:\/\/comunicacity.net\/fiuggi\/turismo\/la-storia\/\" \/>\n<meta property=\"og:site_name\" content=\"Fiuggi\" \/>\n<meta property=\"article:publisher\" content=\"http:\/\/facebook.com\/ComunicaCity\" \/>\n<meta property=\"article:modified_time\" content=\"2018-08-26T23:03:56+00:00\" \/>\n<meta property=\"og:image\" content=\"https:\/\/comunicacity.net\/fiuggi\/wp-content\/uploads\/sites\/154\/2018\/07\/IMG729988.jpg\" \/>\n\t<meta property=\"og:image:width\" content=\"400\" \/>\n\t<meta property=\"og:image:height\" content=\"267\" \/>\n\t<meta property=\"og:image:type\" content=\"image\/jpeg\" \/>\n<meta name=\"twitter:card\" content=\"summary_large_image\" \/>\n<meta name=\"twitter:site\" content=\"@comunicacity\" \/>\n<meta name=\"twitter:label1\" content=\"Tempo di lettura stimato\" \/>\n\t<meta name=\"twitter:data1\" content=\"6 minuti\" \/>\n<script type=\"application\/ld+json\" class=\"yoast-schema-graph\">{\"@context\":\"https:\\\/\\\/schema.org\",\"@graph\":[{\"@type\":\"WebPage\",\"@id\":\"https:\\\/\\\/comunicacity.net\\\/fiuggi\\\/turismo\\\/la-storia\\\/\",\"url\":\"https:\\\/\\\/comunicacity.net\\\/fiuggi\\\/turismo\\\/la-storia\\\/\",\"name\":\"La storia - Fiuggi\",\"isPartOf\":{\"@id\":\"https:\\\/\\\/comunicacity.net\\\/fiuggi\\\/#website\"},\"primaryImageOfPage\":{\"@id\":\"https:\\\/\\\/comunicacity.net\\\/fiuggi\\\/turismo\\\/la-storia\\\/#primaryimage\"},\"image\":{\"@id\":\"https:\\\/\\\/comunicacity.net\\\/fiuggi\\\/turismo\\\/la-storia\\\/#primaryimage\"},\"thumbnailUrl\":\"https:\\\/\\\/comunicacity.net\\\/fiuggi\\\/wp-content\\\/uploads\\\/sites\\\/154\\\/2018\\\/07\\\/IMG729988.jpg\",\"datePublished\":\"2018-07-25T07:57:03+00:00\",\"dateModified\":\"2018-08-26T23:03:56+00:00\",\"breadcrumb\":{\"@id\":\"https:\\\/\\\/comunicacity.net\\\/fiuggi\\\/turismo\\\/la-storia\\\/#breadcrumb\"},\"inLanguage\":\"it-IT\",\"potentialAction\":[{\"@type\":\"ReadAction\",\"target\":[\"https:\\\/\\\/comunicacity.net\\\/fiuggi\\\/turismo\\\/la-storia\\\/\"]}]},{\"@type\":\"ImageObject\",\"inLanguage\":\"it-IT\",\"@id\":\"https:\\\/\\\/comunicacity.net\\\/fiuggi\\\/turismo\\\/la-storia\\\/#primaryimage\",\"url\":\"https:\\\/\\\/comunicacity.net\\\/fiuggi\\\/wp-content\\\/uploads\\\/sites\\\/154\\\/2018\\\/07\\\/IMG729988.jpg\",\"contentUrl\":\"https:\\\/\\\/comunicacity.net\\\/fiuggi\\\/wp-content\\\/uploads\\\/sites\\\/154\\\/2018\\\/07\\\/IMG729988.jpg\",\"width\":400,\"height\":267},{\"@type\":\"BreadcrumbList\",\"@id\":\"https:\\\/\\\/comunicacity.net\\\/fiuggi\\\/turismo\\\/la-storia\\\/#breadcrumb\",\"itemListElement\":[{\"@type\":\"ListItem\",\"position\":1,\"name\":\"Home\",\"item\":\"https:\\\/\\\/comunicacity.net\\\/fiuggi\\\/\"},{\"@type\":\"ListItem\",\"position\":2,\"name\":\"La storia\"}]},{\"@type\":\"WebSite\",\"@id\":\"https:\\\/\\\/comunicacity.net\\\/fiuggi\\\/#website\",\"url\":\"https:\\\/\\\/comunicacity.net\\\/fiuggi\\\/\",\"name\":\"Fiuggi\",\"description\":\"Ecco un altro sito ComunicaCity\",\"potentialAction\":[{\"@type\":\"SearchAction\",\"target\":{\"@type\":\"EntryPoint\",\"urlTemplate\":\"https:\\\/\\\/comunicacity.net\\\/fiuggi\\\/?s={search_term_string}\"},\"query-input\":{\"@type\":\"PropertyValueSpecification\",\"valueRequired\":true,\"valueName\":\"search_term_string\"}}],\"inLanguage\":\"it-IT\"}]}<\/script>\n<!-- \/ Yoast SEO plugin. -->","yoast_head_json":{"title":"La storia - Fiuggi","robots":{"index":"index","follow":"follow","max-snippet":"max-snippet:-1","max-image-preview":"max-image-preview:large","max-video-preview":"max-video-preview:-1"},"canonical":"https:\/\/comunicacity.net\/fiuggi\/turismo\/la-storia\/","og_locale":"it_IT","og_type":"article","og_title":"La storia - Fiuggi","og_description":"La cittadina \u00e8 composta da due diversi centri abitati avvolti nel verde dei molti boschi di castagno tipici della zona: Fiuggi Citt\u00e0 (m747 s.l.m.) che \u00e8 il nucleo d\u2019insediamento pi\u00f9 [&hellip;]","og_url":"https:\/\/comunicacity.net\/fiuggi\/turismo\/la-storia\/","og_site_name":"Fiuggi","article_publisher":"http:\/\/facebook.com\/ComunicaCity","article_modified_time":"2018-08-26T23:03:56+00:00","og_image":[{"width":400,"height":267,"url":"https:\/\/comunicacity.net\/fiuggi\/wp-content\/uploads\/sites\/154\/2018\/07\/IMG729988.jpg","type":"image\/jpeg"}],"twitter_card":"summary_large_image","twitter_site":"@comunicacity","twitter_misc":{"Tempo di lettura stimato":"6 minuti"},"schema":{"@context":"https:\/\/schema.org","@graph":[{"@type":"WebPage","@id":"https:\/\/comunicacity.net\/fiuggi\/turismo\/la-storia\/","url":"https:\/\/comunicacity.net\/fiuggi\/turismo\/la-storia\/","name":"La storia - Fiuggi","isPartOf":{"@id":"https:\/\/comunicacity.net\/fiuggi\/#website"},"primaryImageOfPage":{"@id":"https:\/\/comunicacity.net\/fiuggi\/turismo\/la-storia\/#primaryimage"},"image":{"@id":"https:\/\/comunicacity.net\/fiuggi\/turismo\/la-storia\/#primaryimage"},"thumbnailUrl":"https:\/\/comunicacity.net\/fiuggi\/wp-content\/uploads\/sites\/154\/2018\/07\/IMG729988.jpg","datePublished":"2018-07-25T07:57:03+00:00","dateModified":"2018-08-26T23:03:56+00:00","breadcrumb":{"@id":"https:\/\/comunicacity.net\/fiuggi\/turismo\/la-storia\/#breadcrumb"},"inLanguage":"it-IT","potentialAction":[{"@type":"ReadAction","target":["https:\/\/comunicacity.net\/fiuggi\/turismo\/la-storia\/"]}]},{"@type":"ImageObject","inLanguage":"it-IT","@id":"https:\/\/comunicacity.net\/fiuggi\/turismo\/la-storia\/#primaryimage","url":"https:\/\/comunicacity.net\/fiuggi\/wp-content\/uploads\/sites\/154\/2018\/07\/IMG729988.jpg","contentUrl":"https:\/\/comunicacity.net\/fiuggi\/wp-content\/uploads\/sites\/154\/2018\/07\/IMG729988.jpg","width":400,"height":267},{"@type":"BreadcrumbList","@id":"https:\/\/comunicacity.net\/fiuggi\/turismo\/la-storia\/#breadcrumb","itemListElement":[{"@type":"ListItem","position":1,"name":"Home","item":"https:\/\/comunicacity.net\/fiuggi\/"},{"@type":"ListItem","position":2,"name":"La storia"}]},{"@type":"WebSite","@id":"https:\/\/comunicacity.net\/fiuggi\/#website","url":"https:\/\/comunicacity.net\/fiuggi\/","name":"Fiuggi","description":"Ecco un altro sito ComunicaCity","potentialAction":[{"@type":"SearchAction","target":{"@type":"EntryPoint","urlTemplate":"https:\/\/comunicacity.net\/fiuggi\/?s={search_term_string}"},"query-input":{"@type":"PropertyValueSpecification","valueRequired":true,"valueName":"search_term_string"}}],"inLanguage":"it-IT"}]}},"meta_box":[],"_links":{"self":[{"href":"https:\/\/comunicacity.net\/fiuggi\/wp-json\/wp\/v2\/turismo\/29","targetHints":{"allow":["GET"]}}],"collection":[{"href":"https:\/\/comunicacity.net\/fiuggi\/wp-json\/wp\/v2\/turismo"}],"about":[{"href":"https:\/\/comunicacity.net\/fiuggi\/wp-json\/wp\/v2\/types\/turismo"}],"wp:featuredmedia":[{"embeddable":true,"href":"https:\/\/comunicacity.net\/fiuggi\/wp-json\/wp\/v2\/media\/30"}],"wp:attachment":[{"href":"https:\/\/comunicacity.net\/fiuggi\/wp-json\/wp\/v2\/media?parent=29"}],"wp:term":[{"taxonomy":"plugin_turismo","embeddable":true,"href":"https:\/\/comunicacity.net\/fiuggi\/wp-json\/wp\/v2\/plugin_turismo?post=29"}],"curies":[{"name":"wp","href":"https:\/\/api.w.org\/{rel}","templated":true}]}}