{"id":82,"date":"2021-01-15T10:18:53","date_gmt":"2021-01-15T09:18:53","guid":{"rendered":"https:\/\/comunicacity.net\/sanminiato\/?post_type=turismo&#038;p=82"},"modified":"2021-01-15T13:13:14","modified_gmt":"2021-01-15T12:13:14","slug":"museo-dellarciconfraternita-di-misericordia","status":"publish","type":"turismo","link":"https:\/\/comunicacity.net\/sanminiato\/turismo\/sistema-museale-di-san-miniato\/altri-poli-museali-della-citta\/museo-dellarciconfraternita-di-misericordia\/","title":{"rendered":"Museo dell\u2019Arciconfraternita di Misericordia"},"content":{"rendered":"<p><img loading=\"lazy\" decoding=\"async\" class=\"aligncenter size-large wp-image-83\" src=\"https:\/\/comunicacity.net\/sanminiato\/wp-content\/uploads\/sites\/195\/2021\/01\/SanMiniato-Museo-Misericordia-02-1024x683.jpg\" alt=\"\" width=\"640\" height=\"427\" srcset=\"https:\/\/comunicacity.net\/sanminiato\/wp-content\/uploads\/sites\/195\/2021\/01\/SanMiniato-Museo-Misericordia-02-1024x683.jpg 1024w, https:\/\/comunicacity.net\/sanminiato\/wp-content\/uploads\/sites\/195\/2021\/01\/SanMiniato-Museo-Misericordia-02-300x200.jpg 300w, https:\/\/comunicacity.net\/sanminiato\/wp-content\/uploads\/sites\/195\/2021\/01\/SanMiniato-Museo-Misericordia-02-768x512.jpg 768w, https:\/\/comunicacity.net\/sanminiato\/wp-content\/uploads\/sites\/195\/2021\/01\/SanMiniato-Museo-Misericordia-02-1536x1024.jpg 1536w, https:\/\/comunicacity.net\/sanminiato\/wp-content\/uploads\/sites\/195\/2021\/01\/SanMiniato-Museo-Misericordia-02.jpg 1920w\" sizes=\"auto, (max-width: 640px) 100vw, 640px\" \/><\/p>\n<p>La collezione dell\u2019<strong>Arciconfraternita della Misericordia<\/strong>\u00a0\u00e8 ospitata nello storico\u00a0<strong>palazzo Roffia<\/strong>, una nobile costruzione tardo cinquecentesca in stile toscano rinascimentale caratterizzata da una bianca facciata ad intonaco e da modanature in pietra serena che adornano il portone e le finestre. misericordia ambulanza. La sua costruzione, su progetto di uno dei figli dell\u2019architetto\u00a0<strong>Baccio d\u2019Agnolo<\/strong>, fu commissionata da Tommaso Roffia.Il museo \u00e8 allestito in un\u2019ampia sala al primo piano dell\u2019edificio ed \u00e8 costituita da un cospicuo numero di opere d\u2019arte, paramenti sacri e oggetti devozionali legati alla funzione istituzionale dell\u2019<strong>Arciconfraternita<\/strong>. Questi oggetti consentono al visitatore di ripercorrere la storia di questa importante istituzione, da secoli vicina alla comunit\u00e0 sanminiatese.<\/p>\n<p>Tra gli oggetti legati alla sua attivit\u00e0 di soccorso agli infermi si segnala l\u2019antica ambulanza trainata a cavalli , risalente al XIX secolo e i lampioni settecenteschi, utilizzati fino ai giorni nostri in occasione di importanti ricorrenze religiose. La collezione vanta anche preziosi reliquiari , tra cui uno contenente la stola di\u00a0<strong>San Carlo Borromeo<\/strong>, giunta nella collezione per i vincoli parentali che univano i\u00a0<strong>Borromeo<\/strong>\u00a0ai Roffia, nonch\u00e9 preziose opere d\u2019arte di epoca medievale, rinascimentale e barocca. Tra queste ricordiamo il gruppo ligneo della Deposizione, costituito dalle figure quasi ad altezza naturale di\u00a0<strong>Cristo<\/strong>, della\u00a0<strong>Vergine<\/strong>\u00a0e di\u00a0<strong>San Giovanni\u00a0<\/strong>misericordia deposizione-lignea. L\u2019opera, che proviene dalla sagrestia della cappella della\u00a0<strong>SS. Trinit\u00e0<\/strong>\u00a0ed \u00e8 databile alla fine del XIII secolo, \u00e8 di particolare interesse non solo per la finezza compositiva e la carica drammatica ma anche perch\u00e9 testimonia la precoce diffusione di questa iconografia in\u00a0<strong>Toscana<\/strong>\u00a0gi\u00e0 sul finire del XIII secolo.<\/p>\n<p>Dall\u2019antico\u00a0<strong>Oratorio di Santa Maria del Fortino<\/strong>\u00a0proviene invece il dipinto su tavola con l\u2019Incoronazione della\u00a0<strong>Vergine<\/strong>\u00a0datato 1480 e recentemente ricondotto all\u2019attivit\u00e0 di\u00a0<strong>Domenico di Zanobi<\/strong>, allievo di\u00a0<strong>Filippo Lippi<\/strong>. Al centro della pala d\u2019altare una piccola ancona con la Vergine e il bambino benedicente viene portata in cielo da angeli dalle ali variopinte mentre al di sopra Dio Padre porge la corona a Maria circondato da cherubini, che sono gli angeli pi\u00f9 prossimi a Dio secondo il pensiero dello pseudo Dionigi l\u2019Areopagita, al tempo molto studiato nei circoli intellettuali fiorentini imbevuti di platonismo, ambito nel quale il pittore si era formato a fianco del Lippi.<\/p>\n<p>Assistono all\u2019evento divino le imponenti figure dei santi\u00a0<strong>Bartolomeo<\/strong>,\u00a0<strong>Cosimo<\/strong>,\u00a0<strong>Luca<\/strong>,\u00a0<strong>Damiano<\/strong>\u00a0e\u00a0<strong>Sebastiano<\/strong>. Di grande pregio \u00e8 anche la Madonna con il bambino di\u00a0<strong>Francesco Lanfranchi<\/strong>\u00a0detto lo\u00a0<strong>Spillo<\/strong>, fratello del pi\u00f9 famoso Andrea del Sarto. L\u2019opera \u00e8 databile al terzo decennio del XVI secolo, all\u2019epoca in cui il pittore lavorava alle tavole del tabernacolo dell\u2019<strong>Oratorio del Loretino<\/strong>. Segnaliamo infine anche il dipinto raffigurante i\u00a0<strong>Santi Michele Arcangelo<\/strong>,\u00a0<strong>Giovanni Evangelista<\/strong>,\u00a0<strong>Cecilia<\/strong>\u00a0e\u00a0<strong>Giuseppe<\/strong>, sovrastati da puttini e nubi, opera di uno degli allievi di Pietro da Cortona, Vincenzo Dandini e ascrivibile ai primi decenni del XVII secolo.<\/p>\n<hr \/>\n<p style=\"text-align: center\"><a href=\"https:\/\/www.valdarnomusei.it\/museo-misericordia\/\"><strong>Sito web \u2013 Museo dell\u2019Arciconfraternita di Misericordia<\/strong><\/a><\/p>\n<hr \/>\n<p>&nbsp;<\/p>\n","protected":false},"excerpt":{"rendered":"<p>La collezione dell\u2019Arciconfraternita della Misericordia\u00a0\u00e8 ospitata nello storico\u00a0palazzo Roffia, una nobile costruzione tardo cinquecentesca in stile toscano rinascimentale caratterizzata da una bianca facciata ad intonaco e da modanature in pietra [&hellip;]<\/p>\n","protected":false},"featured_media":0,"parent":57,"menu_order":3,"template":"","meta":[],"plugin_turismo":[],"class_list":["post-82","turismo","type-turismo","status-publish","hentry"],"yoast_head":"<!-- This site is optimized with the Yoast SEO plugin v27.4 - https:\/\/yoast.com\/product\/yoast-seo-wordpress\/ -->\n<title>Museo dell\u2019Arciconfraternita di Misericordia - San Miniato<\/title>\n<meta name=\"robots\" content=\"index, follow, max-snippet:-1, max-image-preview:large, max-video-preview:-1\" \/>\n<link rel=\"canonical\" href=\"https:\/\/comunicacity.net\/sanminiato\/turismo\/sistema-museale-di-san-miniato\/altri-poli-museali-della-citta\/museo-dellarciconfraternita-di-misericordia\/\" \/>\n<meta property=\"og:locale\" content=\"it_IT\" \/>\n<meta property=\"og:type\" content=\"article\" \/>\n<meta property=\"og:title\" content=\"Museo dell\u2019Arciconfraternita di Misericordia - San Miniato\" \/>\n<meta property=\"og:description\" content=\"La collezione dell\u2019Arciconfraternita della Misericordia\u00a0\u00e8 ospitata nello storico\u00a0palazzo Roffia, una nobile costruzione tardo cinquecentesca in stile toscano rinascimentale caratterizzata da una bianca facciata ad intonaco e da modanature in pietra [&hellip;]\" \/>\n<meta property=\"og:url\" content=\"https:\/\/comunicacity.net\/sanminiato\/turismo\/sistema-museale-di-san-miniato\/altri-poli-museali-della-citta\/museo-dellarciconfraternita-di-misericordia\/\" \/>\n<meta property=\"og:site_name\" content=\"San Miniato\" \/>\n<meta property=\"article:publisher\" content=\"http:\/\/facebook.com\/ComunicaCity\" \/>\n<meta property=\"article:modified_time\" content=\"2021-01-15T12:13:14+00:00\" \/>\n<meta property=\"og:image\" content=\"https:\/\/comunicacity.net\/sanminiato\/wp-content\/uploads\/sites\/195\/2021\/01\/SanMiniato-Museo-Misericordia-02-1024x683.jpg\" \/>\n<meta name=\"twitter:card\" content=\"summary_large_image\" \/>\n<meta name=\"twitter:site\" content=\"@comunicacity\" \/>\n<meta name=\"twitter:label1\" content=\"Tempo di lettura stimato\" \/>\n\t<meta name=\"twitter:data1\" content=\"3 minuti\" \/>\n<script type=\"application\/ld+json\" class=\"yoast-schema-graph\">{\"@context\":\"https:\\\/\\\/schema.org\",\"@graph\":[{\"@type\":\"WebPage\",\"@id\":\"https:\\\/\\\/comunicacity.net\\\/sanminiato\\\/turismo\\\/sistema-museale-di-san-miniato\\\/altri-poli-museali-della-citta\\\/museo-dellarciconfraternita-di-misericordia\\\/\",\"url\":\"https:\\\/\\\/comunicacity.net\\\/sanminiato\\\/turismo\\\/sistema-museale-di-san-miniato\\\/altri-poli-museali-della-citta\\\/museo-dellarciconfraternita-di-misericordia\\\/\",\"name\":\"Museo dell\u2019Arciconfraternita di Misericordia - San Miniato\",\"isPartOf\":{\"@id\":\"https:\\\/\\\/comunicacity.net\\\/sanminiato\\\/#website\"},\"primaryImageOfPage\":{\"@id\":\"https:\\\/\\\/comunicacity.net\\\/sanminiato\\\/turismo\\\/sistema-museale-di-san-miniato\\\/altri-poli-museali-della-citta\\\/museo-dellarciconfraternita-di-misericordia\\\/#primaryimage\"},\"image\":{\"@id\":\"https:\\\/\\\/comunicacity.net\\\/sanminiato\\\/turismo\\\/sistema-museale-di-san-miniato\\\/altri-poli-museali-della-citta\\\/museo-dellarciconfraternita-di-misericordia\\\/#primaryimage\"},\"thumbnailUrl\":\"http:\\\/\\\/comunicacity.net\\\/sanminiato\\\/wp-content\\\/uploads\\\/sites\\\/195\\\/2021\\\/01\\\/SanMiniato-Museo-Misericordia-02-1024x683.jpg\",\"datePublished\":\"2021-01-15T09:18:53+00:00\",\"dateModified\":\"2021-01-15T12:13:14+00:00\",\"breadcrumb\":{\"@id\":\"https:\\\/\\\/comunicacity.net\\\/sanminiato\\\/turismo\\\/sistema-museale-di-san-miniato\\\/altri-poli-museali-della-citta\\\/museo-dellarciconfraternita-di-misericordia\\\/#breadcrumb\"},\"inLanguage\":\"it-IT\",\"potentialAction\":[{\"@type\":\"ReadAction\",\"target\":[\"https:\\\/\\\/comunicacity.net\\\/sanminiato\\\/turismo\\\/sistema-museale-di-san-miniato\\\/altri-poli-museali-della-citta\\\/museo-dellarciconfraternita-di-misericordia\\\/\"]}]},{\"@type\":\"ImageObject\",\"inLanguage\":\"it-IT\",\"@id\":\"https:\\\/\\\/comunicacity.net\\\/sanminiato\\\/turismo\\\/sistema-museale-di-san-miniato\\\/altri-poli-museali-della-citta\\\/museo-dellarciconfraternita-di-misericordia\\\/#primaryimage\",\"url\":\"http:\\\/\\\/comunicacity.net\\\/sanminiato\\\/wp-content\\\/uploads\\\/sites\\\/195\\\/2021\\\/01\\\/SanMiniato-Museo-Misericordia-02-1024x683.jpg\",\"contentUrl\":\"http:\\\/\\\/comunicacity.net\\\/sanminiato\\\/wp-content\\\/uploads\\\/sites\\\/195\\\/2021\\\/01\\\/SanMiniato-Museo-Misericordia-02-1024x683.jpg\"},{\"@type\":\"BreadcrumbList\",\"@id\":\"https:\\\/\\\/comunicacity.net\\\/sanminiato\\\/turismo\\\/sistema-museale-di-san-miniato\\\/altri-poli-museali-della-citta\\\/museo-dellarciconfraternita-di-misericordia\\\/#breadcrumb\",\"itemListElement\":[{\"@type\":\"ListItem\",\"position\":1,\"name\":\"Home\",\"item\":\"https:\\\/\\\/comunicacity.net\\\/sanminiato\\\/\"},{\"@type\":\"ListItem\",\"position\":2,\"name\":\"Sistema Museale di San Miniato\",\"item\":\"https:\\\/\\\/comunicacity.net\\\/sanminiato\\\/turismo\\\/sistema-museale-di-san-miniato\\\/\"},{\"@type\":\"ListItem\",\"position\":3,\"name\":\"Altri poli museali della Citt\u00e0\",\"item\":\"https:\\\/\\\/comunicacity.net\\\/sanminiato\\\/turismo\\\/sistema-museale-di-san-miniato\\\/altri-poli-museali-della-citta\\\/\"},{\"@type\":\"ListItem\",\"position\":4,\"name\":\"Museo dell\u2019Arciconfraternita di Misericordia\"}]},{\"@type\":\"WebSite\",\"@id\":\"https:\\\/\\\/comunicacity.net\\\/sanminiato\\\/#website\",\"url\":\"https:\\\/\\\/comunicacity.net\\\/sanminiato\\\/\",\"name\":\"San Miniato\",\"description\":\"Ecco un altro sito ComunicaCity\",\"publisher\":{\"@id\":\"https:\\\/\\\/comunicacity.net\\\/sanminiato\\\/#organization\"},\"potentialAction\":[{\"@type\":\"SearchAction\",\"target\":{\"@type\":\"EntryPoint\",\"urlTemplate\":\"https:\\\/\\\/comunicacity.net\\\/sanminiato\\\/?s={search_term_string}\"},\"query-input\":{\"@type\":\"PropertyValueSpecification\",\"valueRequired\":true,\"valueName\":\"search_term_string\"}}],\"inLanguage\":\"it-IT\"},{\"@type\":\"Organization\",\"@id\":\"https:\\\/\\\/comunicacity.net\\\/sanminiato\\\/#organization\",\"name\":\"ComunicaCity\",\"url\":\"https:\\\/\\\/comunicacity.net\\\/sanminiato\\\/\",\"logo\":{\"@type\":\"ImageObject\",\"inLanguage\":\"it-IT\",\"@id\":\"https:\\\/\\\/comunicacity.net\\\/sanminiato\\\/#\\\/schema\\\/logo\\\/image\\\/\",\"url\":\"http:\\\/\\\/comunicacity.net\\\/sanminiato\\\/wp-content\\\/uploads\\\/sites\\\/195\\\/2021\\\/01\\\/Giunta-senza.jpg\",\"contentUrl\":\"http:\\\/\\\/comunicacity.net\\\/sanminiato\\\/wp-content\\\/uploads\\\/sites\\\/195\\\/2021\\\/01\\\/Giunta-senza.jpg\",\"width\":1024,\"height\":768,\"caption\":\"ComunicaCity\"},\"image\":{\"@id\":\"https:\\\/\\\/comunicacity.net\\\/sanminiato\\\/#\\\/schema\\\/logo\\\/image\\\/\"},\"sameAs\":[\"http:\\\/\\\/facebook.com\\\/ComunicaCity\",\"https:\\\/\\\/x.com\\\/comunicacity\"]}]}<\/script>\n<!-- \/ Yoast SEO plugin. -->","yoast_head_json":{"title":"Museo dell\u2019Arciconfraternita di Misericordia - San Miniato","robots":{"index":"index","follow":"follow","max-snippet":"max-snippet:-1","max-image-preview":"max-image-preview:large","max-video-preview":"max-video-preview:-1"},"canonical":"https:\/\/comunicacity.net\/sanminiato\/turismo\/sistema-museale-di-san-miniato\/altri-poli-museali-della-citta\/museo-dellarciconfraternita-di-misericordia\/","og_locale":"it_IT","og_type":"article","og_title":"Museo dell\u2019Arciconfraternita di Misericordia - San Miniato","og_description":"La collezione dell\u2019Arciconfraternita della Misericordia\u00a0\u00e8 ospitata nello storico\u00a0palazzo Roffia, una nobile costruzione tardo cinquecentesca in stile toscano rinascimentale caratterizzata da una bianca facciata ad intonaco e da modanature in pietra [&hellip;]","og_url":"https:\/\/comunicacity.net\/sanminiato\/turismo\/sistema-museale-di-san-miniato\/altri-poli-museali-della-citta\/museo-dellarciconfraternita-di-misericordia\/","og_site_name":"San Miniato","article_publisher":"http:\/\/facebook.com\/ComunicaCity","article_modified_time":"2021-01-15T12:13:14+00:00","og_image":[{"url":"https:\/\/comunicacity.net\/sanminiato\/wp-content\/uploads\/sites\/195\/2021\/01\/SanMiniato-Museo-Misericordia-02-1024x683.jpg","type":"","width":"","height":""}],"twitter_card":"summary_large_image","twitter_site":"@comunicacity","twitter_misc":{"Tempo di lettura stimato":"3 minuti"},"schema":{"@context":"https:\/\/schema.org","@graph":[{"@type":"WebPage","@id":"https:\/\/comunicacity.net\/sanminiato\/turismo\/sistema-museale-di-san-miniato\/altri-poli-museali-della-citta\/museo-dellarciconfraternita-di-misericordia\/","url":"https:\/\/comunicacity.net\/sanminiato\/turismo\/sistema-museale-di-san-miniato\/altri-poli-museali-della-citta\/museo-dellarciconfraternita-di-misericordia\/","name":"Museo dell\u2019Arciconfraternita di Misericordia - San Miniato","isPartOf":{"@id":"https:\/\/comunicacity.net\/sanminiato\/#website"},"primaryImageOfPage":{"@id":"https:\/\/comunicacity.net\/sanminiato\/turismo\/sistema-museale-di-san-miniato\/altri-poli-museali-della-citta\/museo-dellarciconfraternita-di-misericordia\/#primaryimage"},"image":{"@id":"https:\/\/comunicacity.net\/sanminiato\/turismo\/sistema-museale-di-san-miniato\/altri-poli-museali-della-citta\/museo-dellarciconfraternita-di-misericordia\/#primaryimage"},"thumbnailUrl":"https:\/\/comunicacity.net\/sanminiato\/wp-content\/uploads\/sites\/195\/2021\/01\/SanMiniato-Museo-Misericordia-02-1024x683.jpg","datePublished":"2021-01-15T09:18:53+00:00","dateModified":"2021-01-15T12:13:14+00:00","breadcrumb":{"@id":"https:\/\/comunicacity.net\/sanminiato\/turismo\/sistema-museale-di-san-miniato\/altri-poli-museali-della-citta\/museo-dellarciconfraternita-di-misericordia\/#breadcrumb"},"inLanguage":"it-IT","potentialAction":[{"@type":"ReadAction","target":["https:\/\/comunicacity.net\/sanminiato\/turismo\/sistema-museale-di-san-miniato\/altri-poli-museali-della-citta\/museo-dellarciconfraternita-di-misericordia\/"]}]},{"@type":"ImageObject","inLanguage":"it-IT","@id":"https:\/\/comunicacity.net\/sanminiato\/turismo\/sistema-museale-di-san-miniato\/altri-poli-museali-della-citta\/museo-dellarciconfraternita-di-misericordia\/#primaryimage","url":"https:\/\/comunicacity.net\/sanminiato\/wp-content\/uploads\/sites\/195\/2021\/01\/SanMiniato-Museo-Misericordia-02-1024x683.jpg","contentUrl":"https:\/\/comunicacity.net\/sanminiato\/wp-content\/uploads\/sites\/195\/2021\/01\/SanMiniato-Museo-Misericordia-02-1024x683.jpg"},{"@type":"BreadcrumbList","@id":"https:\/\/comunicacity.net\/sanminiato\/turismo\/sistema-museale-di-san-miniato\/altri-poli-museali-della-citta\/museo-dellarciconfraternita-di-misericordia\/#breadcrumb","itemListElement":[{"@type":"ListItem","position":1,"name":"Home","item":"https:\/\/comunicacity.net\/sanminiato\/"},{"@type":"ListItem","position":2,"name":"Sistema Museale di San Miniato","item":"https:\/\/comunicacity.net\/sanminiato\/turismo\/sistema-museale-di-san-miniato\/"},{"@type":"ListItem","position":3,"name":"Altri poli museali della Citt\u00e0","item":"https:\/\/comunicacity.net\/sanminiato\/turismo\/sistema-museale-di-san-miniato\/altri-poli-museali-della-citta\/"},{"@type":"ListItem","position":4,"name":"Museo dell\u2019Arciconfraternita di Misericordia"}]},{"@type":"WebSite","@id":"https:\/\/comunicacity.net\/sanminiato\/#website","url":"https:\/\/comunicacity.net\/sanminiato\/","name":"San Miniato","description":"Ecco un altro sito ComunicaCity","publisher":{"@id":"https:\/\/comunicacity.net\/sanminiato\/#organization"},"potentialAction":[{"@type":"SearchAction","target":{"@type":"EntryPoint","urlTemplate":"https:\/\/comunicacity.net\/sanminiato\/?s={search_term_string}"},"query-input":{"@type":"PropertyValueSpecification","valueRequired":true,"valueName":"search_term_string"}}],"inLanguage":"it-IT"},{"@type":"Organization","@id":"https:\/\/comunicacity.net\/sanminiato\/#organization","name":"ComunicaCity","url":"https:\/\/comunicacity.net\/sanminiato\/","logo":{"@type":"ImageObject","inLanguage":"it-IT","@id":"https:\/\/comunicacity.net\/sanminiato\/#\/schema\/logo\/image\/","url":"https:\/\/comunicacity.net\/sanminiato\/wp-content\/uploads\/sites\/195\/2021\/01\/Giunta-senza.jpg","contentUrl":"https:\/\/comunicacity.net\/sanminiato\/wp-content\/uploads\/sites\/195\/2021\/01\/Giunta-senza.jpg","width":1024,"height":768,"caption":"ComunicaCity"},"image":{"@id":"https:\/\/comunicacity.net\/sanminiato\/#\/schema\/logo\/image\/"},"sameAs":["http:\/\/facebook.com\/ComunicaCity","https:\/\/x.com\/comunicacity"]}]}},"meta_box":[],"_links":{"self":[{"href":"https:\/\/comunicacity.net\/sanminiato\/wp-json\/wp\/v2\/turismo\/82","targetHints":{"allow":["GET"]}}],"collection":[{"href":"https:\/\/comunicacity.net\/sanminiato\/wp-json\/wp\/v2\/turismo"}],"about":[{"href":"https:\/\/comunicacity.net\/sanminiato\/wp-json\/wp\/v2\/types\/turismo"}],"up":[{"embeddable":true,"href":"https:\/\/comunicacity.net\/sanminiato\/wp-json\/wp\/v2\/turismo\/57"}],"wp:attachment":[{"href":"https:\/\/comunicacity.net\/sanminiato\/wp-json\/wp\/v2\/media?parent=82"}],"wp:term":[{"taxonomy":"plugin_turismo","embeddable":true,"href":"https:\/\/comunicacity.net\/sanminiato\/wp-json\/wp\/v2\/plugin_turismo?post=82"}],"curies":[{"name":"wp","href":"https:\/\/api.w.org\/{rel}","templated":true}]}}